{"id":40999,"date":"2026-05-31T06:21:00","date_gmt":"2026-05-31T04:21:00","guid":{"rendered":"https:\/\/blog.giallozafferano.it\/renatabriano\/?post_type=recipe&#038;p=40999"},"modified":"2026-05-30T08:34:04","modified_gmt":"2026-05-30T06:34:04","slug":"ricetta-crema-caffe-fredda-come-al-bar-ricetta-facile-e-velocissima","status":"publish","type":"recipe","link":"https:\/\/blog.giallozafferano.it\/renatabriano\/ricetta-crema-caffe-fredda-come-al-bar-ricetta-facile-e-velocissima\/","title":{"rendered":"Crema caff\u00e8 fredda come al bar: ricetta facile e velocissima"},"content":{"rendered":"<av-recipe-servings data-json=\"{&quot;ingredientAlternativeQuantities&quot;:[{&quot;label&quot;:&quot;&quot;,&quot;value&quot;:&quot;&quot;,&quot;floatValue&quot;:0},{&quot;label&quot;:&quot;Qualche&quot;,&quot;value&quot;:&quot;Qualche&quot;,&quot;floatValue&quot;:0},{&quot;label&quot;:&quot;1\\\/2&quot;,&quot;value&quot;:&quot;1\\\/2&quot;,&quot;floatValue&quot;:0.5},{&quot;label&quot;:&quot;Mezzo&quot;,&quot;value&quot;:&quot;Mezzo&quot;,&quot;floatValue&quot;:0.5},{&quot;label&quot;:&quot;Mezza&quot;,&quot;value&quot;:&quot;Mezza&quot;,&quot;floatValue&quot;:0.5},{&quot;label&quot;:&quot;Met\\u00e0&quot;,&quot;value&quot;:&quot;Met\\u00e0&quot;,&quot;floatValue&quot;:0.5},{&quot;label&quot;:&quot;1\\\/3&quot;,&quot;value&quot;:&quot;1\\\/3&quot;,&quot;floatValue&quot;:0.3333333333333333},{&quot;label&quot;:&quot;un terzo&quot;,&quot;value&quot;:&quot;un terzo&quot;,&quot;floatValue&quot;:0.3333333333333333},{&quot;label&quot;:&quot;un terzo di&quot;,&quot;value&quot;:&quot;un terzo di&quot;,&quot;floatValue&quot;:0.3333333333333333},{&quot;label&quot;:&quot;2\\\/3&quot;,&quot;value&quot;:&quot;2\\\/3&quot;,&quot;floatValue&quot;:0.6666666666666666},{&quot;label&quot;:&quot;due terzi&quot;,&quot;value&quot;:&quot;due terzi&quot;,&quot;floatValue&quot;:0.6666666666666666},{&quot;label&quot;:&quot;due terzi di&quot;,&quot;value&quot;:&quot;due terzi di&quot;,&quot;floatValue&quot;:0.6666666666666666},{&quot;label&quot;:&quot;1\\\/4&quot;,&quot;value&quot;:&quot;1\\\/4&quot;,&quot;floatValue&quot;:0.25},{&quot;label&quot;:&quot;un quarto&quot;,&quot;value&quot;:&quot;un quarto&quot;,&quot;floatValue&quot;:0.25},{&quot;label&quot;:&quot;un quarto di&quot;,&quot;value&quot;:&quot;un quarto di&quot;,&quot;floatValue&quot;:0.25},{&quot;label&quot;:&quot;3\\\/4&quot;,&quot;value&quot;:&quot;3\\\/4&quot;,&quot;floatValue&quot;:0.75},{&quot;label&quot;:&quot;tre quarti&quot;,&quot;value&quot;:&quot;tre quarti&quot;,&quot;floatValue&quot;:0.75},{&quot;label&quot;:&quot;tre quarti di&quot;,&quot;value&quot;:&quot;tre quarti di&quot;,&quot;floatValue&quot;:0.75},{&quot;label&quot;:&quot;1\\\/8&quot;,&quot;value&quot;:&quot;1\\\/8&quot;,&quot;floatValue&quot;:0.125},{&quot;label&quot;:&quot;un ottavo&quot;,&quot;value&quot;:&quot;un ottavo&quot;,&quot;floatValue&quot;:0.125},{&quot;label&quot;:&quot;un ottavo di&quot;,&quot;value&quot;:&quot;un ottavo di&quot;,&quot;floatValue&quot;:0.125},{&quot;label&quot;:&quot;3\\\/8&quot;,&quot;value&quot;:&quot;3\\\/8&quot;,&quot;floatValue&quot;:0.375},{&quot;label&quot;:&quot;tre ottavi&quot;,&quot;value&quot;:&quot;tre ottavi&quot;,&quot;floatValue&quot;:0.375},{&quot;label&quot;:&quot;tre ottavi di&quot;,&quot;value&quot;:&quot;tre ottavi di&quot;,&quot;floatValue&quot;:0.375},{&quot;label&quot;:&quot;5\\\/8&quot;,&quot;value&quot;:&quot;5\\\/8&quot;,&quot;floatValue&quot;:0.625},{&quot;label&quot;:&quot;cinque ottavi&quot;,&quot;value&quot;:&quot;cinque ottavi&quot;,&quot;floatValue&quot;:0.625},{&quot;label&quot;:&quot;cinque ottavi di&quot;,&quot;value&quot;:&quot;cinque ottavi di&quot;,&quot;floatValue&quot;:0.625},{&quot;label&quot;:&quot;7\\\/8&quot;,&quot;value&quot;:&quot;7\\\/8&quot;,&quot;floatValue&quot;:0.875},{&quot;label&quot;:&quot;sette ottavi&quot;,&quot;value&quot;:&quot;sette ottavi&quot;,&quot;floatValue&quot;:0.875},{&quot;label&quot;:&quot;sette ottavi di&quot;,&quot;value&quot;:&quot;sette ottavi di&quot;,&quot;floatValue&quot;:0.875}],&quot;ingredientUnits&quot;:{&quot;&quot;:{&quot;singular&quot;:&quot;Nessuna&quot;,&quot;plural&quot;:&quot;Nessuna&quot;},&quot;q.s.&quot;:{&quot;singular&quot;:&quot;q.b.&quot;,&quot;plural&quot;:&quot;q.b.&quot;},&quot;g&quot;:{&quot;singular&quot;:&quot;g&quot;,&quot;plural&quot;:&quot;g&quot;},&quot;ml&quot;:{&quot;singular&quot;:&quot;ml&quot;,&quot;plural&quot;:&quot;ml&quot;},&quot;cl&quot;:{&quot;singular&quot;:&quot;cl&quot;,&quot;plural&quot;:&quot;cl&quot;},&quot;kg&quot;:{&quot;singular&quot;:&quot;kg&quot;,&quot;plural&quot;:&quot;kg&quot;},&quot;l&quot;:{&quot;singular&quot;:&quot;l&quot;,&quot;plural&quot;:&quot;l&quot;},&quot;clove&quot;:{&quot;singular&quot;:&quot;spicchio&quot;,&quot;plural&quot;:&quot;spicchi&quot;},&quot;pinch&quot;:{&quot;singular&quot;:&quot;pizzico&quot;,&quot;plural&quot;:&quot;pizzichi&quot;},&quot;spoon&quot;:{&quot;singular&quot;:&quot;cucchiaio&quot;,&quot;plural&quot;:&quot;cucchiai&quot;},&quot;tablespoon&quot;:{&quot;singular&quot;:&quot;cucchiaio da tavola&quot;,&quot;plural&quot;:&quot;cucchiai da tavola&quot;},&quot;teaspoon&quot;:{&quot;singular&quot;:&quot;cucchiaino&quot;,&quot;plural&quot;:&quot;cucchiaini&quot;},&quot;sachet&quot;:{&quot;singular&quot;:&quot;bustina&quot;,&quot;plural&quot;:&quot;bustine&quot;},&quot;sprig&quot;:{&quot;singular&quot;:&quot;rametto&quot;,&quot;plural&quot;:&quot;rametti&quot;},&quot;glass&quot;:{&quot;singular&quot;:&quot;bicchiere&quot;,&quot;plural&quot;:&quot;bicchieri&quot;},&quot;shot&quot;:{&quot;singular&quot;:&quot;bicchierino&quot;,&quot;plural&quot;:&quot;bicchierini&quot;},&quot;leaf&quot;:{&quot;singular&quot;:&quot;foglia&quot;,&quot;plural&quot;:&quot;foglie&quot;},&quot;tuft&quot;:{&quot;singular&quot;:&quot;ciuffo&quot;,&quot;plural&quot;:&quot;ciuffi&quot;},&quot;bouquet&quot;:{&quot;singular&quot;:&quot;mazzetto&quot;,&quot;plural&quot;:&quot;mazzetti&quot;},&quot;drop&quot;:{&quot;singular&quot;:&quot;goccia&quot;,&quot;plural&quot;:&quot;gocce&quot;},&quot;cup&quot;:{&quot;singular&quot;:&quot;tazza&quot;,&quot;plural&quot;:&quot;tazze&quot;},&quot;tea cup&quot;:{&quot;singular&quot;:&quot;tazza da t\\u00e8&quot;,&quot;plural&quot;:&quot;tazze da t\\u00e8&quot;},&quot;coffee cup&quot;:{&quot;singular&quot;:&quot;tazza da caff\\u00e8&quot;,&quot;plural&quot;:&quot;tazze da caff\\u00e8&quot;},&quot;rib&quot;:{&quot;singular&quot;:&quot;costa&quot;,&quot;plural&quot;:&quot;coste&quot;},&quot;berry&quot;:{&quot;singular&quot;:&quot;bacca&quot;,&quot;plural&quot;:&quot;bacche&quot;},&quot;slice&quot;:{&quot;singular&quot;:&quot;fetta&quot;,&quot;plural&quot;:&quot;fette&quot;},&quot;ladle&quot;:{&quot;singular&quot;:&quot;mestolo&quot;,&quot;plural&quot;:&quot;mestoli&quot;},&quot;some&quot;:{&quot;singular&quot;:&quot;qualche&quot;,&quot;plural&quot;:&quot;qualche&quot;},&quot;jar&quot;:{&quot;singular&quot;:&quot;vasetto&quot;,&quot;plural&quot;:&quot;vasetti&quot;},&quot;wire&quot;:{&quot;singular&quot;:&quot;filo&quot;,&quot;plural&quot;:&quot;fili&quot;},&quot;sheet&quot;:{&quot;singular&quot;:&quot;foglio&quot;,&quot;plural&quot;:&quot;fogli&quot;},&quot;roll&quot;:{&quot;singular&quot;:&quot;rotolo&quot;,&quot;plural&quot;:&quot;rotoli&quot;},&quot;fillet&quot;:{&quot;singular&quot;:&quot;filetto&quot;,&quot;plural&quot;:&quot;filetti&quot;},&quot;cluster&quot;:{&quot;singular&quot;:&quot;grappolo&quot;,&quot;plural&quot;:&quot;grappoli&quot;},&quot;wisp&quot;:{&quot;singular&quot;:&quot;cespo&quot;,&quot;plural&quot;:&quot;cespi&quot;},&quot;package&quot;:{&quot;singular&quot;:&quot;confezione&quot;,&quot;plural&quot;:&quot;confezioni&quot;},&quot;stem&quot;:{&quot;singular&quot;:&quot;gambo&quot;,&quot;plural&quot;:&quot;gambi&quot;},&quot;vial&quot;:{&quot;singular&quot;:&quot;fiala&quot;,&quot;plural&quot;:&quot;fiale&quot;},&quot;cube&quot;:{&quot;singular&quot;:&quot;cubetto&quot;,&quot;plural&quot;:&quot;cubetti&quot;},&quot;pound&quot;:{&quot;singular&quot;:&quot;libbra&quot;,&quot;plural&quot;:&quot;libbre&quot;},&quot;lb&quot;:{&quot;singular&quot;:&quot;lb&quot;,&quot;plural&quot;:&quot;lbs&quot;},&quot;ounce&quot;:{&quot;singular&quot;:&quot;oncia&quot;,&quot;plural&quot;:&quot;once&quot;},&quot;stick&quot;:{&quot;singular&quot;:&quot;panetto&quot;,&quot;plural&quot;:&quot;panetti&quot;},&quot;pod&quot;:{&quot;singular&quot;:&quot;bastoncino&quot;,&quot;plural&quot;:&quot;bastoncini&quot;},&quot;oz&quot;:{&quot;singular&quot;:&quot;oz&quot;,&quot;plural&quot;:&quot;oz&quot;},&quot;bundle&quot;:{&quot;singular&quot;:&quot;fascio&quot;,&quot;plural&quot;:&quot;fasci&quot;},&quot;knob&quot;:{&quot;singular&quot;:&quot;noce&quot;,&quot;plural&quot;:&quot;noci&quot;},&quot;chunk&quot;:{&quot;singular&quot;:&quot;trancio&quot;,&quot;plural&quot;:&quot;tranci&quot;},&quot;bar&quot;:{&quot;singular&quot;:&quot;tavoletta&quot;,&quot;plural&quot;:&quot;tavolette&quot;},&quot;peppercorn&quot;:{&quot;singular&quot;:&quot;grano&quot;,&quot;plural&quot;:&quot;grani&quot;},&quot;square&quot;:{&quot;singular&quot;:&quot;quadratino&quot;,&quot;plural&quot;:&quot;quadratini&quot;},&quot;coffee_pod&quot;:{&quot;singular&quot;:&quot;cialda&quot;,&quot;plural&quot;:&quot;cialde&quot;},&quot;coffee_capsule&quot;:{&quot;singular&quot;:&quot;capsula&quot;,&quot;plural&quot;:&quot;capsule&quot;},&quot;spray&quot;:{&quot;singular&quot;:&quot;spruzzo&quot;,&quot;plural&quot;:&quot;spruzzi&quot;},&quot;head&quot;:{&quot;singular&quot;:&quot;testa&quot;,&quot;plural&quot;:&quot;teste&quot;},&quot;grind&quot;:{&quot;singular&quot;:&quot;macinata&quot;,&quot;plural&quot;:&quot;macinate&quot;}}}\" style=\"display: block;\">\n<div class=\"wp-block-altervista-recipe\">\n<div class=\"wp-block-altervista-introduction\">\n<p class=\"wp-block-altervista-paragraph\">\ud83d\udc49 <em>La ricetta della crema fredda al caff\u00e8 fatta in casa, cremosa e spumosa come quella del bar.<\/em><\/p>\n\n\n\n<p class=\"wp-block-altervista-paragraph\">La <strong>crema caff\u00e8 fredda come al bar<\/strong> \u00e8 uno di quei piccoli piaceri estivi a cui \u00e8 impossibile resistere.<\/p>\n\n\n\n<p class=\"wp-block-altervista-paragraph\">Fresca, vellutata, spumosa e profumata di caff\u00e8, \u00e8 perfetta da gustare dopo pranzo, durante una pausa pomeridiana o come dessert veloce nelle giornate pi\u00f9 calde.<\/p>\n\n\n\n<p class=\"wp-block-altervista-paragraph\">La cosa bella \u00e8 che si prepara in casa in pochissimi minuti, con ingredienti semplici e senza bisogno della gelatiera. Il risultato \u00e8 una <strong>crema morbida e golosa,<\/strong> molto simile a quella servita nei bar italiani, da gustare freddissima magari con una spolverata di cacao amaro o qualche chicco di caff\u00e8.<\/p>\n\n\n\n<p class=\"wp-block-altervista-paragraph\">Io la adoro perch\u00e9 \u00e8 una <strong>ricetta furba,<\/strong> veloce e sempre d\u2019effetto: basta montare tutto insieme e lasciare raffreddare per ottenere una crema irresistibile che piace praticamente a tutti. Inoltre si pu\u00f2 personalizzare facilmente con cioccolato, liquori, vaniglia oppure servire in piccoli bicchieri eleganti per una cena estiva o un aperitivo dolce.<\/p>\n\n\n\n<p class=\"wp-block-altervista-paragraph\">Se <strong>amate il caff\u00e8 e cercate un dessert fresco<\/strong>, semplice e scenografico, questa crema fredda diventer\u00e0 sicuramente una delle vostre ricette dell\u2019estate.<\/p>\n<\/div>\n\n\n\n<div class=\"wp-block-altervista-articles-links\"><div class=\"av-inner-blocks-content\"><ul>\n<li class=\"wp-block-altervista-articles-links-item\"><a href=\"https:\/\/blog.giallozafferano.it\/renatabriano\/gelato-al-caffe-fatto-in-casa-con-la-gelatiera\/\" title=\"Gelato al caff\u00e8 fatto in casa con la gelatiera: cremoso, intenso e naturale\" rel=\"bookmark\">Gelato al caff\u00e8 fatto in casa con la gelatiera: cremoso, intenso e naturale<\/a><\/li>\n\n\n\n<li class=\"wp-block-altervista-articles-links-item\"><a href=\"https:\/\/blog.giallozafferano.it\/renatabriano\/ricetta-budino-al-caffe\/\" title=\"Budino al caff\u00e8\" rel=\"bookmark\">Budino al caff\u00e8<\/a><\/li>\n\n\n\n<li class=\"wp-block-altervista-articles-links-item\"><a href=\"https:\/\/blog.giallozafferano.it\/renatabriano\/ricetta-spumone-al-caffe-cremoso-con-panna\/\" title=\"Spumone al caff\u00e8 cremoso: ricetta estiva facile con panna e caff\u00e8 freddo\" rel=\"bookmark\">Spumone al caff\u00e8 cremoso: ricetta estiva facile con panna e caff\u00e8 freddo<\/a><\/li>\n\n\n\n<li class=\"wp-block-altervista-articles-links-item\"><a href=\"https:\/\/blog.giallozafferano.it\/renatabriano\/cheesecake-al-caffe\/\" title=\"Cheesecake al caff\u00e8\" rel=\"bookmark\">Cheesecake al caff\u00e8<\/a><\/li>\n\n\n\n<li class=\"wp-block-altervista-articles-links-item\"><a href=\"https:\/\/blog.giallozafferano.it\/renatabriano\/crema-tipo-pasticcera-al-caffe-senza-glutine\/\" title=\"Crema tipo pasticcera al caff\u00e8 senza glutine\" rel=\"bookmark\">Crema tipo pasticcera al caff\u00e8 senza glutine<\/a><\/li>\n<\/ul><\/div><\/div>\n\n\n\n\n\n<div class=\"wp-block-altervista-cover\">\n<figure class=\"wp-block-image aligncenter size-large\"><img loading=\"lazy\" decoding=\"async\" width=\"960\" height=\"717\" src=\"https:\/\/blog.giallozafferano.it\/renatabriano\/wp-content\/uploads\/2026\/05\/crema-caffe-bella-960x717.jpg\" alt=\"Crema caff\u00e8 fredda come al bar: ricetta facile e velocissima\" class=\"wp-image-41004\" srcset=\"https:\/\/blog.giallozafferano.it\/renatabriano\/wp-content\/uploads\/2026\/05\/crema-caffe-bella-960x717.jpg 960w, https:\/\/blog.giallozafferano.it\/renatabriano\/wp-content\/uploads\/2026\/05\/crema-caffe-bella-320x239.jpg 320w, https:\/\/blog.giallozafferano.it\/renatabriano\/wp-content\/uploads\/2026\/05\/crema-caffe-bella-768x573.jpg 768w, https:\/\/blog.giallozafferano.it\/renatabriano\/wp-content\/uploads\/2026\/05\/crema-caffe-bella.jpg 1200w\" sizes=\"auto, (max-width: 960px) 100vw, 960px\" \/><figcaption class=\"wp-element-caption\">Crema caff\u00e8 fredda come al bar: ricetta facile e velocissima<\/figcaption><\/figure>\n\n\n\n<div class=\"wp-block-altervista-video is-layout-flow\" data-type=\"core\">\n<figure class=\"wp-block-embed is-type-video is-provider-youtube wp-block-embed-youtube wp-embed-aspect-16-9 wp-has-aspect-ratio\"><div class=\"wp-block-embed__wrapper\">\n<iframe loading=\"lazy\" title=\"SPUMONE AL CAFFE CREMOSO CON PANNA\" width=\"780\" height=\"439\" src=\"https:\/\/www.youtube.com\/embed\/GtkhXIJbcmI?feature=oembed&amp;enablejsapi=1\" frameborder=\"0\" allow=\"accelerometer; autoplay; clipboard-write; encrypted-media; gyroscope; picture-in-picture; web-share\" referrerpolicy=\"strict-origin-when-cross-origin\" allowfullscreen><\/iframe>\n\n<\/div><\/figure>\n<\/div>\n<\/div>\n\n\n\n<div class=\"wp-block-altervista-recipe-quick-info\"><div class=\"recipe-meta\"><ul class=\"recipe-info\"><li class=\"preptime\" data-value=\"5\"><span class=\"recipe-label\">Tempo di preparazione<\/span><span class=\"recipe-value\">5 Minuti<\/span><\/li><li class=\"resttime\" data-value=\"20\"><span class=\"recipe-label\">Tempo di riposo<\/span><span class=\"recipe-value\">20 Minuti<\/span><\/li><li class=\"servings\"><span class=\"recipe-label\">Porzioni<\/span><span class=\"recipe-value\">4\/6 persone<\/span><\/li><li class=\"cooking_method\" data-value=\"no_cooking\"><span class=\"recipe-label\">Metodo di cottura<\/span><span class=\"recipe-value\">Senza cottura<\/span><\/li><li class=\"cuisine\" data-value=\"italian\"><span class=\"recipe-label\">Cucina<\/span><span class=\"recipe-value\">Italiana<\/span><\/li><li class=\"seasonality\" data-value=\"4\"><span class=\"recipe-label\">Stagionalit\u00e0<\/span><span class=\"recipe-value\">Primavera, Estate<\/span><\/li><\/ul><\/div><\/div>\n\n\n\n<div class=\"wp-block-altervista-ingredients\"><h2>Ingredienti<\/h2><div class=\"av-inner-blocks-content\">\n<div class=\"wp-block-altervista-paragraphs recipe-intro-ingredients before\"><\/div>\n\n\n\n<div class=\"wp-block-altervista-ingredients-groups\"><div class=\"av-inner-blocks-content\">\n<div class=\"wp-block-altervista-ingredients-group\"><div class=\"av-inner-blocks-content\">\n<div class=\"wp-block-altervista-ingredient\"><div class=\"ingredient-item\" data-unit=\"ml\"><span class=\"ingredient-qty-wrapper\"><span class=\"ingredient-number ingredient-qty\">250<\/span> <span class=\"ingredient-unit\">ml<\/span><\/span><span class=\"ingredient-text\"> <span class=\"ingredient-name\">panna fresca da montare ben fredda<\/span><\/span><\/div><\/div>\n\n\n\n<div class=\"wp-block-altervista-ingredient\"><div class=\"ingredient-item\" data-unit=\"coffee cup\"><span class=\"ingredient-qty-wrapper\"><span class=\"ingredient-number ingredient-qty\">2<\/span> <span class=\"ingredient-unit\">tazze da caff\u00e8<\/span><\/span><span class=\"ingredient-text\"> <span class=\"ingredient-name\">caff\u00e8 espresso freddo<\/span><\/span><\/div><\/div>\n\n\n\n<div class=\"wp-block-altervista-ingredient\"><div class=\"ingredient-item\" data-id=\"11419\" data-unit=\"g\"><span class=\"ingredient-qty-wrapper\"><span class=\"ingredient-number ingredient-qty\">60<\/span> <span class=\"ingredient-unit\">g<\/span><\/span><span class=\"ingredient-text\"> <span class=\"ingredient-name\">zucchero a velo<\/span><\/span><\/div><\/div>\n\n\n\n<div class=\"wp-block-altervista-ingredient\"><div class=\"ingredient-item\" data-unit=\"teaspoon\"><span class=\"ingredient-qty-wrapper\"><span class=\"ingredient-number ingredient-qty\">1<\/span> <span class=\"ingredient-unit\">cucchiaino<\/span><\/span><span class=\"ingredient-text\"> <span class=\"ingredient-name\">caff\u00e8 solubile (facoltativo, per un gusto pi\u00f9 intenso)<\/span><\/span><\/div><\/div>\n\n\n\n<div class=\"wp-block-altervista-ingredient\"><div class=\"ingredient-item\"><span class=\"ingredient-qty-wrapper\"><\/span><span class=\"ingredient-text\"> <span class=\"ingredient-name\">cacao amaro o chicchi di caff\u00e8 per decorare<\/span><\/span><\/div><\/div>\n<\/div><\/div>\n<\/div><\/div>\n\n\n\n<div class=\"wp-block-altervista-paragraphs recipe-after-ingredients after\"><\/div>\n<\/div><\/div>\n\n\n\n\n\n<div class=\"wp-block-altervista-tools\"><h2>Strumenti<\/h2><div class=\"av-inner-blocks-content\">\n<div class=\"wp-block-altervista-paragraphs recipe-intro-tools before\"><\/div>\n\n\n\n<div class=\"wp-block-altervista-tools-groups\"><div class=\"av-inner-blocks-content\">\n<div class=\"wp-block-altervista-tools-group\"><div class=\"av-inner-blocks-content\">\n<div class=\"wp-block-altervista-tool\" data-model-name=\"omacchina caff\u00e8 espresso\"> <span class=\"tool-category\" data-category-id=\"14\">Caffettiera<\/span> <span class=\"tool-model\">omacchina caff\u00e8 espresso<\/span> <div class=\"tool-alternative\"><\/div><\/div>\n\n\n\n<div class=\"wp-block-altervista-tool\" data-model-name=\"\"> <span class=\"tool-category\" data-category-id=\"76\">Ciotola<\/span>  <div class=\"tool-alternative\"><\/div><\/div>\n\n\n\n<div class=\"wp-block-altervista-tool\" data-model-name=\"\"> <span class=\"tool-category\" data-category-id=\"110\">Fruste elettriche<\/span>  <div class=\"tool-alternative\"><\/div><\/div>\n\n\n\n\n\n<div class=\"wp-block-altervista-tool\" data-model-name=\"\"><span class=\"tool-qty\">4<\/span> <span class=\"tool-category\" data-category-id=\"84\">Coppette<\/span>  <div class=\"tool-alternative\"><\/div><\/div>\n<\/div><\/div>\n<\/div><\/div>\n\n\n\n<div class=\"wp-block-altervista-paragraphs recipe-after-tools after\"><\/div>\n<\/div><\/div>\n\n\n\n<div class=\"wp-block-altervista-steps\"><h2>Passaggi<\/h2><div class=\"av-inner-blocks-content\">\n<div class=\"wp-block-altervista-paragraphs av-intro-steps before\"><\/div>\n\n\n\n<div class=\"wp-block-altervista-steps-groups\"><div class=\"av-inner-blocks-content\">\n<div class=\"wp-block-altervista-steps-group\"><div class=\"av-inner-blocks-content\">\n<div class=\"wp-block-altervista-step media-position-bottom\">\n<div class=\"wp-block-altervista-paragraphs\">\n<p class=\"wp-block-altervista-paragraph\">Preparate il <strong>caff\u00e8 <\/strong>e lasciatelo raffreddare completamente.<\/p>\n\n\n\n<p class=\"wp-block-altervista-paragraph\">Versate la <strong>panna ben fredda in una ciotola <\/strong>e iniziate a montarla con le fruste elettriche. <\/p>\n\n\n\n<p class=\"wp-block-altervista-paragraph\"><img loading=\"lazy\" decoding=\"async\" width=\"1500\" height=\"1125\" class=\"wp-image-40514\" style=\"width: 1500px;\" src=\"https:\/\/blog.giallozafferano.it\/renatabriano\/wp-content\/uploads\/2026\/05\/montare-la-panna.png\" alt=\"Montare la panna\" srcset=\"https:\/\/blog.giallozafferano.it\/renatabriano\/wp-content\/uploads\/2026\/05\/montare-la-panna.png 1448w, https:\/\/blog.giallozafferano.it\/renatabriano\/wp-content\/uploads\/2026\/05\/montare-la-panna-320x240.png 320w, https:\/\/blog.giallozafferano.it\/renatabriano\/wp-content\/uploads\/2026\/05\/montare-la-panna-960x720.png 960w, https:\/\/blog.giallozafferano.it\/renatabriano\/wp-content\/uploads\/2026\/05\/montare-la-panna-768x576.png 768w\" sizes=\"auto, (max-width: 1500px) 100vw, 1500px\" \/><\/p>\n\n\n\n<p class=\"wp-block-altervista-paragraph\">Aggiungete lo <strong>zucchero a velo <\/strong>e, poco alla volta, il <strong>caff\u00e8 freddo.<\/strong><\/p>\n\n\n\n<p class=\"wp-block-altervista-paragraph\">Continuate a montare fino a ottenere una <strong>crema soffice, vellutata e spumosa.<\/strong><\/p>\n\n\n\n<p class=\"wp-block-altervista-paragraph\">Distribuite la <strong>crema fredda al caff\u00e8 nei bicchieri <\/strong>e lasciatela riposare in freezer per circa <strong>20-30 minuti <\/strong>prima di servirla.<\/p>\n\n\n\n<p class=\"wp-block-altervista-paragraph\">Decorate con cacao amaro, chicchi di caff\u00e8 o scaglie di cioccolato fondente.<\/p>\n<\/div>\n\n\n\n<div class=\"wp-block-altervista-media media-vertical-alignment-top\" data-type=\"image\" data-vertical-alignment=\"top\">\n<figure class=\"wp-block-image size-large\"><img loading=\"lazy\" decoding=\"async\" width=\"960\" height=\"717\" src=\"https:\/\/blog.giallozafferano.it\/renatabriano\/wp-content\/uploads\/2026\/05\/crema-caffe-960x717.jpg\" alt=\"Crema caff\u00e8 fredda come al bar: ricetta facile e velocissima\" class=\"wp-image-41003\" srcset=\"https:\/\/blog.giallozafferano.it\/renatabriano\/wp-content\/uploads\/2026\/05\/crema-caffe-960x717.jpg 960w, https:\/\/blog.giallozafferano.it\/renatabriano\/wp-content\/uploads\/2026\/05\/crema-caffe-320x239.jpg 320w, https:\/\/blog.giallozafferano.it\/renatabriano\/wp-content\/uploads\/2026\/05\/crema-caffe-768x573.jpg 768w, https:\/\/blog.giallozafferano.it\/renatabriano\/wp-content\/uploads\/2026\/05\/crema-caffe.jpg 1200w\" sizes=\"auto, (max-width: 960px) 100vw, 960px\" \/><figcaption class=\"wp-element-caption\">Crema caff\u00e8 fredda come al bar: ricetta facile e velocissima<\/figcaption><\/figure>\n<\/div>\n<\/div>\n<\/div><\/div>\n\n\n\n<div class=\"wp-block-altervista-steps-group\"><h3>Varianti<\/h3><div class=\"av-inner-blocks-content\">\n<div class=\"wp-block-altervista-step media-position-bottom\">\n<div class=\"wp-block-altervista-paragraphs\">\n<p class=\"wp-block-altervista-paragraph\">con <strong>Nutella<\/strong><br>con <strong>Baileys<\/strong><br>con <strong>cioccolato fondente<\/strong><br>versione light con<strong> yogurt greco<\/strong><br>versione senza lattosio con <strong>panna vegetale.<\/strong><\/p>\n<\/div>\n\n\n\n<div class=\"wp-block-altervista-media media-vertical-alignment-top\" data-type=\"image\" data-vertical-alignment=\"top\">\n<figure class=\"wp-block-image size-large\"><img loading=\"lazy\" decoding=\"async\" width=\"960\" height=\"640\" src=\"https:\/\/blog.giallozafferano.it\/renatabriano\/wp-content\/uploads\/2022\/07\/spumone-al-caffe-960x640.png\" alt=\"Spumone al caff\u00e8 cremoso con panna\" class=\"wp-image-34959\" srcset=\"https:\/\/blog.giallozafferano.it\/renatabriano\/wp-content\/uploads\/2022\/07\/spumone-al-caffe-960x640.png 960w, https:\/\/blog.giallozafferano.it\/renatabriano\/wp-content\/uploads\/2022\/07\/spumone-al-caffe-320x213.png 320w, https:\/\/blog.giallozafferano.it\/renatabriano\/wp-content\/uploads\/2022\/07\/spumone-al-caffe-768x512.png 768w, https:\/\/blog.giallozafferano.it\/renatabriano\/wp-content\/uploads\/2022\/07\/spumone-al-caffe.png 1536w\" sizes=\"auto, (max-width: 960px) 100vw, 960px\" \/><figcaption class=\"wp-element-caption\">Spumone al caff\u00e8 cremoso con panna<\/figcaption><\/figure>\n<\/div>\n<\/div>\n<\/div><\/div>\n\n\n\n<div class=\"wp-block-altervista-steps-group\"><h3>FAQ (domande frequenti)<\/h3><div class=\"av-inner-blocks-content\">\n<div class=\"wp-block-altervista-step media-position-bottom\">\n<div class=\"wp-block-altervista-paragraphs\">\n<p class=\"wp-block-altervista-paragraph\"><strong>Posso conservarla?<\/strong><br>S\u00ec, in freezer per circa una settimana.<\/p>\n\n\n\n<p class=\"wp-block-altervista-paragraph\"><strong>Si pu\u00f2 fare senza gelatiera?<\/strong><br>S\u00ec, questa ricetta nasce proprio per essere semplice e velocissima.<\/p>\n\n\n\n<p class=\"wp-block-altervista-paragraph\"><strong>Posso usare il caff\u00e8 della moka?<\/strong><br>Certo, anzi viene molto aromatico.<\/p>\n\n\n\n<p class=\"wp-block-altervista-paragraph\"><strong>Come si serve?<\/strong><br>Freddissima, in bicchieri appena tolti dal freezer.<\/p>\n<\/div>\n\n\n\n<div class=\"wp-block-altervista-media media-vertical-alignment-top\" data-type=\"image\" data-vertical-alignment=\"top\">\n<figure class=\"wp-block-image size-large\"><img loading=\"lazy\" decoding=\"async\" width=\"960\" height=\"717\" src=\"https:\/\/blog.giallozafferano.it\/renatabriano\/wp-content\/uploads\/2026\/05\/crema-caffe-in-freezer-960x717.jpg\" alt=\"Come si serve?\nFreddissima, in bicchieri appena tolti dal freezer.\" class=\"wp-image-41005\" srcset=\"https:\/\/blog.giallozafferano.it\/renatabriano\/wp-content\/uploads\/2026\/05\/crema-caffe-in-freezer-960x717.jpg 960w, https:\/\/blog.giallozafferano.it\/renatabriano\/wp-content\/uploads\/2026\/05\/crema-caffe-in-freezer-320x239.jpg 320w, https:\/\/blog.giallozafferano.it\/renatabriano\/wp-content\/uploads\/2026\/05\/crema-caffe-in-freezer-768x573.jpg 768w, https:\/\/blog.giallozafferano.it\/renatabriano\/wp-content\/uploads\/2026\/05\/crema-caffe-in-freezer.jpg 1200w\" sizes=\"auto, (max-width: 960px) 100vw, 960px\" \/><figcaption class=\"wp-element-caption\">Come si serve?<br>Freddissima, in bicchieri appena tolti dal freezer.<\/figcaption><\/figure>\n<\/div>\n<\/div>\n<\/div><\/div>\n<\/div><\/div>\n\n\n\n<div class=\"wp-block-altervista-paragraphs av-after-steps after\"><\/div>\n<\/div><\/div>\n\n\n\n<div class=\"wp-block-altervista-notes\">\n<h2 class=\"wp-block-heading\">I miei libri e i miei social<\/h2>\n\n\n\n<p class=\"wp-block-paragraph\">Se vi piacciono le mie ricette potete seguirmi su \u00a0<em><a href=\"https:\/\/www.youtube.com\/channel\/UCEZOgwJApSSvVg2tCCmbumQ\">YouTube<\/a><\/em>,\u00a0\u00a0<em><a href=\"https:\/\/www.facebook.com\/renatabrianoblog\/\">Facebook<\/a><\/em>, \u00a0<em><a href=\"https:\/\/www.instagram.com\/la_nostra_politica_in_cucina\/\">Instagram<\/a><\/em>,\u00a0 \u00a0<em><a href=\"https:\/\/www.pinterest.it\/Brinata64\/\">Pinterest<\/a><\/em>, \u00a0<a href=\"https:\/\/twitter.com\/renatabriano\">Twitter\u00a0<\/a>\u00a0e\u00a0<a href=\"https:\/\/t.me\/renatabriano\">Telegram<\/a>. Ma se preferite la forma cartacea ho pubblicato anche i libri\u00a0<strong><a href=\"https:\/\/www.amazon.it\/curiosit%C3%A0-altro-Liguria-anecdotes-curiosities-bilingue\/dp\/8832984733?ref_=ast_author_dp&amp;tag=av_renatabriano-21\">La Liguria in cucina<\/a><\/strong>\u00a0e\u00a0<strong><a href=\"https:\/\/tenutadellaprea.it\/vendita-on-line\/ols\/products\/dai-monti-al-mare\">Dai monti al mare, ricette liguri.<\/a><\/strong><br>In questo contenuto possono essere presenti uno o pi\u00f9 link di affiliazione.<\/p>\n\n\n\n<div class=\"wp-block-altervista-media media-vertical-alignment-top\" data-type=\"image\" data-vertical-alignment=\"top\">\n<figure class=\"wp-block-image size-full\"><img loading=\"lazy\" decoding=\"async\" width=\"838\" height=\"1174\" src=\"https:\/\/blog.giallozafferano.it\/renatabriano\/wp-content\/uploads\/2025\/11\/Screenshot-2025-11-10-alle-18.10.15.png\" alt=\"Dai monti al mare\" class=\"wp-image-37377\" srcset=\"https:\/\/blog.giallozafferano.it\/renatabriano\/wp-content\/uploads\/2025\/11\/Screenshot-2025-11-10-alle-18.10.15.png 838w, https:\/\/blog.giallozafferano.it\/renatabriano\/wp-content\/uploads\/2025\/11\/Screenshot-2025-11-10-alle-18.10.15-320x448.png 320w, https:\/\/blog.giallozafferano.it\/renatabriano\/wp-content\/uploads\/2025\/11\/Screenshot-2025-11-10-alle-18.10.15-768x1076.png 768w\" sizes=\"auto, (max-width: 838px) 100vw, 838px\" \/><figcaption class=\"wp-element-caption\">Dai monti al mare<\/figcaption><\/figure>\n<\/div>\n<\/div>\n\n\n\n\n\n<div class=\"wp-block-altervista-reusable\"><\/div>\n<\/div>\n\n\t\t\t\t\t<template data-av-template=\"recipe-servings-update\">\n\t\t\t\t\t\t<p class=\"recipe-servings-update\">\n\t\t\t\t\t\tDosi variate per\n\t\t\t\t\t\t<span class=\"recipe-servings-updated-value\"><\/span>\n\t\t\t\t\t\tporzioni\n\t\t\t\t\t\t<\/p>\n\t\t\t\t\t<\/template>\n\t\t\t\t\t<template data-av-template=\"recipe-servings-control\">\n\t\t\t\t\t\t<div class=\"recipe-servings-multiply\">\n\t\t\t\t\t\t\t<button class=\"recipe-servings-button\" data-delta=\"-1\">\n\t\t\t\t\t\t\t\t<svg xmlns=\"http:\/\/www.w3.org\/2000\/svg\" viewBox=\"0 -960 960 960\">\n\t\t\t\t\t\t\t\t\t<path d=\"M200-440v-80h560v80H200Z\"><\/path>\n\t\t\t\t\t\t\t\t<\/svg>\n\t\t\t\t\t\t\t<\/button>\n\t\t\t\t\t\t\t<span class=\"recipe-servings-value\"><\/span>\n\t\t\t\t\t\t\t<button class=\"recipe-servings-button\" data-delta=\"1\">\n\t\t\t\t\t\t\t\t<svg xmlns=\"http:\/\/www.w3.org\/2000\/svg\" viewBox=\"0 -960 960 960\">\n\t\t\t\t\t\t\t\t\t<path d=\"M440-440H200v-80h240v-240h80v240h240v80H520v240h-80v-240Z\"><\/path>\n\t\t\t\t\t\t\t\t<\/svg>\n\t\t\t\t\t\t\t<\/button>\n\t\t\t\t\t\t<\/div>\n\t\t\t\t\t<\/template>\n\t\t\t\t<\/av-recipe-servings>","protected":false},"excerpt":{"rendered":"<p>Crema caff\u00e8 fredda come al bar: ricetta facile e velocissima da fare in casa senza gelatiera. Cremosa, spumosa e perfetta per l\u2019estate.<\/p>\n","protected":false},"author":1,"featured_media":41004,"comment_status":"closed","ping_status":"closed","template":"","meta":{"_monsterinsights_skip_tracking":false,"footnotes":""},"categories":[108],"course":[13,11,15,87,82,204],"wellness":[],"class_list":["post-40999","recipe","type-recipe","status-publish","has-post-thumbnail","hentry","category-consigli","course-al-cucchiaio","course-dolci-e-desserts","course-gelati-sorbetti-e-semifreddi","course-piatti-vegetariani","course-senza-glutine","course-senza-lievito","post","type-post"],"avopt_banners_inside_post":true,"avopt_banners_on_page":true,"ingredients":[{"name":"","item_key":1,"items":[{"id":"","qty":"250","alternative_qty":"","unit":"ml","unit_label":"ml","name":"panna fresca da montare ben fredda","link":"","link_target_blank":"","note":"","weight":"","affiliation_link_data":{"store":"","store_product_id":"","store_qty":"","currency_code":"","full_price":"","image_height":"","image_width":"","image_url":"","lowest_new_price":"","manufacturer":"","percentage_saved":"","price":""},"item_key":1},{"id":"","qty":"2","alternative_qty":"","unit":"coffee cup","unit_label":"tazze da caff\u00e8","name":"caff\u00e8 espresso freddo","link":"","link_target_blank":"","note":"","weight":"","affiliation_link_data":{"store":"","store_product_id":"","store_qty":"","currency_code":"","full_price":"","image_height":"","image_width":"","image_url":"","lowest_new_price":"","manufacturer":"","percentage_saved":"","price":""},"item_key":2},{"id":"11419","qty":"60","alternative_qty":"","unit":"g","unit_label":"g","name":"zucchero a velo","link":"","link_target_blank":"","note":"","weight":"","affiliation_link_data":{"store":"","store_product_id":"","store_qty":"","currency_code":"","full_price":"","image_height":"","image_width":"","image_url":"","lowest_new_price":"","manufacturer":"","percentage_saved":"","price":""},"item_key":3},{"id":"","qty":"1","alternative_qty":"","unit":"teaspoon","unit_label":"cucchiaino","name":"caff\u00e8 solubile (facoltativo, per un gusto pi\u00f9 intenso)","link":"","link_target_blank":"","note":"","weight":"","affiliation_link_data":{"store":"","store_product_id":"","store_qty":"","currency_code":"","full_price":"","image_height":"","image_width":"","image_url":"","lowest_new_price":"","manufacturer":"","percentage_saved":"","price":""},"item_key":4},{"id":"","qty":"","alternative_qty":"","unit":"","unit_label":"","name":"cacao amaro o chicchi di caff\u00e8 per decorare","link":"","link_target_blank":"","note":"","weight":"","affiliation_link_data":{"store":"","store_product_id":"","store_qty":"","currency_code":"","full_price":"","image_height":"","image_width":"","image_url":"","lowest_new_price":"","manufacturer":"","percentage_saved":"","price":""},"item_key":5}]}],"cooking_method":"no_cooking","final_weight":"0","serving_weight":"0","qualifier_messages":["Alcuni ingredienti non fanno parte dell'elenco proposto da Altervista","Per alcuni ingredienti il peso edibile non \u00e8 stato indicato"],"is_qualified":false,"plugin_content_id":"","plugin_content_type":"","copy_recipe_from_plugin_data":null,"av_block_version":3,"av_latest_block_version":3,"av_copy_from":"","av_sharing_message":"","av_sharing_allowed":true,"av_sharing_on":{"fb":[]},"av_allow_affiliate_banner":true,"av_allow_affiliate_multi_banner":true,"av_show_affiliation_buy_button":true,"av_post_rating":true,"av_have_post_rating_value":true,"spellchecker_performed_today":false,"av_has_deprecated_blocks":false,"yoast_head":"<!-- This site is optimized with the Yoast SEO plugin v28.3 - https:\/\/yoast.com\/product\/yoast-seo-wordpress\/ -->\n<title>Crema caff\u00e8 fredda come al bar: ricetta facile e velocissima da fare<\/title>\n<meta name=\"description\" content=\"Crema caff\u00e8 fredda come al bar: ricetta facile e velocissima da fare in casa senza gelatiera. Cremosa, spumosa e perfetta per l\u2019estate.\" \/>\n<meta name=\"robots\" content=\"index, follow, max-snippet:-1, max-image-preview:large, max-video-preview:-1\" \/>\n<link rel=\"canonical\" href=\"https:\/\/blog.giallozafferano.it\/renatabriano\/ricetta-crema-caffe-fredda-come-al-bar-ricetta-facile-e-velocissima\/\" \/>\n<meta property=\"og:locale\" content=\"it_IT\" \/>\n<meta property=\"og:type\" content=\"article\" \/>\n<meta property=\"og:title\" content=\"Crema caff\u00e8 fredda come al bar: ricetta facile e velocissima da fare\" \/>\n<meta property=\"og:description\" content=\"Crema caff\u00e8 fredda come al bar: ricetta facile e velocissima da fare in casa senza gelatiera. Cremosa, spumosa e perfetta per l\u2019estate.\" \/>\n<meta property=\"og:url\" content=\"https:\/\/blog.giallozafferano.it\/renatabriano\/ricetta-crema-caffe-fredda-come-al-bar-ricetta-facile-e-velocissima\/\" \/>\n<meta property=\"og:site_name\" content=\"La nostra politica in cucina\" \/>\n<meta property=\"article:publisher\" content=\"https:\/\/facebook.com\/renatabrianoblog\/\" \/>\n<meta property=\"og:image\" content=\"https:\/\/blog.giallozafferano.it\/renatabriano\/wp-content\/uploads\/2026\/05\/crema-caffe-bella.jpg\" \/>\n\t<meta property=\"og:image:width\" content=\"1200\" \/>\n\t<meta property=\"og:image:height\" content=\"896\" \/>\n\t<meta property=\"og:image:type\" content=\"image\/jpeg\" \/>\n<meta name=\"twitter:card\" content=\"summary_large_image\" \/>\n<meta name=\"twitter:site\" content=\"@renatabriano\" \/>\n<meta name=\"twitter:label1\" content=\"Tempo di lettura stimato\" \/>\n\t<meta name=\"twitter:data1\" content=\"4 minuti\" \/>\n<script type=\"application\/ld+json\" class=\"yoast-schema-graph\">{\"@context\":\"https:\\\/\\\/schema.org\",\"@graph\":[{\"@type\":\"WebPage\",\"@id\":\"https:\\\/\\\/blog.giallozafferano.it\\\/renatabriano\\\/ricetta-crema-caffe-fredda-come-al-bar-ricetta-facile-e-velocissima\\\/\",\"url\":\"https:\\\/\\\/blog.giallozafferano.it\\\/renatabriano\\\/ricetta-crema-caffe-fredda-come-al-bar-ricetta-facile-e-velocissima\\\/\",\"name\":\"Crema caff\u00e8 fredda come al bar: ricetta facile e velocissima da fare\",\"isPartOf\":{\"@id\":\"https:\\\/\\\/blog.giallozafferano.it\\\/renatabriano\\\/#website\"},\"primaryImageOfPage\":{\"@id\":\"https:\\\/\\\/blog.giallozafferano.it\\\/renatabriano\\\/ricetta-crema-caffe-fredda-come-al-bar-ricetta-facile-e-velocissima\\\/#primaryimage\"},\"image\":{\"@id\":\"https:\\\/\\\/blog.giallozafferano.it\\\/renatabriano\\\/ricetta-crema-caffe-fredda-come-al-bar-ricetta-facile-e-velocissima\\\/#primaryimage\"},\"thumbnailUrl\":\"https:\\\/\\\/blog.giallozafferano.it\\\/renatabriano\\\/wp-content\\\/uploads\\\/2026\\\/05\\\/crema-caffe-bella.jpg\",\"datePublished\":\"2026-05-31T04:21:00+00:00\",\"description\":\"Crema caff\u00e8 fredda come al bar: ricetta facile e velocissima da fare in casa senza gelatiera. Cremosa, spumosa e perfetta per l\u2019estate.\",\"breadcrumb\":{\"@id\":\"https:\\\/\\\/blog.giallozafferano.it\\\/renatabriano\\\/ricetta-crema-caffe-fredda-come-al-bar-ricetta-facile-e-velocissima\\\/#breadcrumb\"},\"inLanguage\":\"it-IT\",\"potentialAction\":[{\"@type\":\"ReadAction\",\"target\":[\"https:\\\/\\\/blog.giallozafferano.it\\\/renatabriano\\\/ricetta-crema-caffe-fredda-come-al-bar-ricetta-facile-e-velocissima\\\/\"]}]},{\"@type\":\"ImageObject\",\"inLanguage\":\"it-IT\",\"@id\":\"https:\\\/\\\/blog.giallozafferano.it\\\/renatabriano\\\/ricetta-crema-caffe-fredda-come-al-bar-ricetta-facile-e-velocissima\\\/#primaryimage\",\"url\":\"https:\\\/\\\/blog.giallozafferano.it\\\/renatabriano\\\/wp-content\\\/uploads\\\/2026\\\/05\\\/crema-caffe-bella.jpg\",\"contentUrl\":\"https:\\\/\\\/blog.giallozafferano.it\\\/renatabriano\\\/wp-content\\\/uploads\\\/2026\\\/05\\\/crema-caffe-bella.jpg\",\"width\":1200,\"height\":896,\"caption\":\"Crema caff\u00e8 fredda come al bar: ricetta facile e velocissima\"},{\"@type\":\"BreadcrumbList\",\"@id\":\"https:\\\/\\\/blog.giallozafferano.it\\\/renatabriano\\\/ricetta-crema-caffe-fredda-come-al-bar-ricetta-facile-e-velocissima\\\/#breadcrumb\",\"itemListElement\":[{\"@type\":\"ListItem\",\"position\":1,\"name\":\"Home\",\"item\":\"https:\\\/\\\/blog.giallozafferano.it\\\/renatabriano\\\/\"},{\"@type\":\"ListItem\",\"position\":2,\"name\":\"Ricetta\",\"item\":\"https:\\\/\\\/blog.giallozafferano.it\\\/renatabriano\\\/ricetta\\\/\"},{\"@type\":\"ListItem\",\"position\":3,\"name\":\"Crema caff\u00e8 fredda come al bar: ricetta facile e velocissima\"}]},{\"@type\":\"WebSite\",\"@id\":\"https:\\\/\\\/blog.giallozafferano.it\\\/renatabriano\\\/#website\",\"url\":\"https:\\\/\\\/blog.giallozafferano.it\\\/renatabriano\\\/\",\"name\":\"Blog di Renata Briano - La mia politica in cucina\",\"description\":\"In cucina si pu\u00f2 cambiare il mondo. Ricette tra tradizione e innovazione con prodotti di qualit\u00e0, artigianali, rispettosi dell\u2019ambiente e attenti al consumatore.\",\"publisher\":{\"@id\":\"https:\\\/\\\/blog.giallozafferano.it\\\/renatabriano\\\/#\\\/schema\\\/person\\\/bcd286c6ea05386fad65bab01b3a1ce2\"},\"potentialAction\":[{\"@type\":\"SearchAction\",\"target\":{\"@type\":\"EntryPoint\",\"urlTemplate\":\"https:\\\/\\\/blog.giallozafferano.it\\\/renatabriano\\\/?s={search_term_string}\"},\"query-input\":{\"@type\":\"PropertyValueSpecification\",\"valueRequired\":true,\"valueName\":\"search_term_string\"}}],\"inLanguage\":\"it-IT\"},{\"@type\":[\"Person\",\"Organization\"],\"@id\":\"https:\\\/\\\/blog.giallozafferano.it\\\/renatabriano\\\/#\\\/schema\\\/person\\\/bcd286c6ea05386fad65bab01b3a1ce2\",\"name\":\"Renata Briano\",\"image\":{\"@type\":\"ImageObject\",\"inLanguage\":\"it-IT\",\"@id\":\"https:\\\/\\\/blog.giallozafferano.it\\\/renatabriano\\\/wp-content\\\/uploads\\\/2021\\\/11\\\/cropped-Cover-new-sito-2.jpg\",\"url\":\"https:\\\/\\\/blog.giallozafferano.it\\\/renatabriano\\\/wp-content\\\/uploads\\\/2021\\\/11\\\/cropped-Cover-new-sito-2.jpg\",\"contentUrl\":\"https:\\\/\\\/blog.giallozafferano.it\\\/renatabriano\\\/wp-content\\\/uploads\\\/2021\\\/11\\\/cropped-Cover-new-sito-2.jpg\",\"width\":828,\"height\":315,\"caption\":\"Renata Briano\"},\"logo\":{\"@id\":\"https:\\\/\\\/blog.giallozafferano.it\\\/renatabriano\\\/wp-content\\\/uploads\\\/2021\\\/11\\\/cropped-Cover-new-sito-2.jpg\"},\"description\":\"\ud83c\udf3f Mi chiamo Renata Briano, sono naturalista, appassionata di cucina ligure e di natura. Dopo una lunga esperienza nelle istituzioni, oggi mi dedico al mio blog e alla Tenuta Della Prea, dove produciamo olio extravergine d\u2019oliva e organizziamo scuole di cucina e attivit\u00e0 legate al territorio.\",\"sameAs\":[\"https:\\\/\\\/blog.giallozafferano.it\\\/renatabriano\\\/\",\"https:\\\/\\\/facebook.com\\\/renatabrianoblog\\\/\",\"https:\\\/\\\/www.instagram.com\\\/la_nostra_politica_in_cucina\\\/\",\"https:\\\/\\\/www.pinterest.it\\\/Brinata64\\\/\",\"https:\\\/\\\/x.com\\\/renatabriano\",\"https:\\\/\\\/youtube.com\\\/channel\\\/UCEZOgwJApSSvVg2tCCmbumQ\\\/\"]}]}<\/script>\n<!-- \/ Yoast SEO plugin. -->","yoast_head_json":{"title":"Crema caff\u00e8 fredda come al bar: ricetta facile e velocissima da fare","description":"Crema caff\u00e8 fredda come al bar: ricetta facile e velocissima da fare in casa senza gelatiera. Cremosa, spumosa e perfetta per l\u2019estate.","robots":{"index":"index","follow":"follow","max-snippet":"max-snippet:-1","max-image-preview":"max-image-preview:large","max-video-preview":"max-video-preview:-1"},"canonical":"https:\/\/blog.giallozafferano.it\/renatabriano\/ricetta-crema-caffe-fredda-come-al-bar-ricetta-facile-e-velocissima\/","og_locale":"it_IT","og_type":"article","og_title":"Crema caff\u00e8 fredda come al bar: ricetta facile e velocissima da fare","og_description":"Crema caff\u00e8 fredda come al bar: ricetta facile e velocissima da fare in casa senza gelatiera. Cremosa, spumosa e perfetta per l\u2019estate.","og_url":"https:\/\/blog.giallozafferano.it\/renatabriano\/ricetta-crema-caffe-fredda-come-al-bar-ricetta-facile-e-velocissima\/","og_site_name":"La nostra politica in cucina","article_publisher":"https:\/\/facebook.com\/renatabrianoblog\/","og_image":[{"width":1200,"height":896,"url":"https:\/\/blog.giallozafferano.it\/renatabriano\/wp-content\/uploads\/2026\/05\/crema-caffe-bella.jpg","type":"image\/jpeg"}],"twitter_card":"summary_large_image","twitter_site":"@renatabriano","twitter_misc":{"Tempo di lettura stimato":"4 minuti"},"schema":{"@context":"https:\/\/schema.org","@graph":[{"@type":"WebPage","@id":"https:\/\/blog.giallozafferano.it\/renatabriano\/ricetta-crema-caffe-fredda-come-al-bar-ricetta-facile-e-velocissima\/","url":"https:\/\/blog.giallozafferano.it\/renatabriano\/ricetta-crema-caffe-fredda-come-al-bar-ricetta-facile-e-velocissima\/","name":"Crema caff\u00e8 fredda come al bar: ricetta facile e velocissima da fare","isPartOf":{"@id":"https:\/\/blog.giallozafferano.it\/renatabriano\/#website"},"primaryImageOfPage":{"@id":"https:\/\/blog.giallozafferano.it\/renatabriano\/ricetta-crema-caffe-fredda-come-al-bar-ricetta-facile-e-velocissima\/#primaryimage"},"image":{"@id":"https:\/\/blog.giallozafferano.it\/renatabriano\/ricetta-crema-caffe-fredda-come-al-bar-ricetta-facile-e-velocissima\/#primaryimage"},"thumbnailUrl":"https:\/\/blog.giallozafferano.it\/renatabriano\/wp-content\/uploads\/2026\/05\/crema-caffe-bella.jpg","datePublished":"2026-05-31T04:21:00+00:00","description":"Crema caff\u00e8 fredda come al bar: ricetta facile e velocissima da fare in casa senza gelatiera. Cremosa, spumosa e perfetta per l\u2019estate.","breadcrumb":{"@id":"https:\/\/blog.giallozafferano.it\/renatabriano\/ricetta-crema-caffe-fredda-come-al-bar-ricetta-facile-e-velocissima\/#breadcrumb"},"inLanguage":"it-IT","potentialAction":[{"@type":"ReadAction","target":["https:\/\/blog.giallozafferano.it\/renatabriano\/ricetta-crema-caffe-fredda-come-al-bar-ricetta-facile-e-velocissima\/"]}]},{"@type":"ImageObject","inLanguage":"it-IT","@id":"https:\/\/blog.giallozafferano.it\/renatabriano\/ricetta-crema-caffe-fredda-come-al-bar-ricetta-facile-e-velocissima\/#primaryimage","url":"https:\/\/blog.giallozafferano.it\/renatabriano\/wp-content\/uploads\/2026\/05\/crema-caffe-bella.jpg","contentUrl":"https:\/\/blog.giallozafferano.it\/renatabriano\/wp-content\/uploads\/2026\/05\/crema-caffe-bella.jpg","width":1200,"height":896,"caption":"Crema caff\u00e8 fredda come al bar: ricetta facile e velocissima"},{"@type":"BreadcrumbList","@id":"https:\/\/blog.giallozafferano.it\/renatabriano\/ricetta-crema-caffe-fredda-come-al-bar-ricetta-facile-e-velocissima\/#breadcrumb","itemListElement":[{"@type":"ListItem","position":1,"name":"Home","item":"https:\/\/blog.giallozafferano.it\/renatabriano\/"},{"@type":"ListItem","position":2,"name":"Ricetta","item":"https:\/\/blog.giallozafferano.it\/renatabriano\/ricetta\/"},{"@type":"ListItem","position":3,"name":"Crema caff\u00e8 fredda come al bar: ricetta facile e velocissima"}]},{"@type":"WebSite","@id":"https:\/\/blog.giallozafferano.it\/renatabriano\/#website","url":"https:\/\/blog.giallozafferano.it\/renatabriano\/","name":"Blog di Renata Briano - La mia politica in cucina","description":"In cucina si pu\u00f2 cambiare il mondo. Ricette tra tradizione e innovazione con prodotti di qualit\u00e0, artigianali, rispettosi dell\u2019ambiente e attenti al consumatore.","publisher":{"@id":"https:\/\/blog.giallozafferano.it\/renatabriano\/#\/schema\/person\/bcd286c6ea05386fad65bab01b3a1ce2"},"potentialAction":[{"@type":"SearchAction","target":{"@type":"EntryPoint","urlTemplate":"https:\/\/blog.giallozafferano.it\/renatabriano\/?s={search_term_string}"},"query-input":{"@type":"PropertyValueSpecification","valueRequired":true,"valueName":"search_term_string"}}],"inLanguage":"it-IT"},{"@type":["Person","Organization"],"@id":"https:\/\/blog.giallozafferano.it\/renatabriano\/#\/schema\/person\/bcd286c6ea05386fad65bab01b3a1ce2","name":"Renata Briano","image":{"@type":"ImageObject","inLanguage":"it-IT","@id":"https:\/\/blog.giallozafferano.it\/renatabriano\/wp-content\/uploads\/2021\/11\/cropped-Cover-new-sito-2.jpg","url":"https:\/\/blog.giallozafferano.it\/renatabriano\/wp-content\/uploads\/2021\/11\/cropped-Cover-new-sito-2.jpg","contentUrl":"https:\/\/blog.giallozafferano.it\/renatabriano\/wp-content\/uploads\/2021\/11\/cropped-Cover-new-sito-2.jpg","width":828,"height":315,"caption":"Renata Briano"},"logo":{"@id":"https:\/\/blog.giallozafferano.it\/renatabriano\/wp-content\/uploads\/2021\/11\/cropped-Cover-new-sito-2.jpg"},"description":"\ud83c\udf3f Mi chiamo Renata Briano, sono naturalista, appassionata di cucina ligure e di natura. Dopo una lunga esperienza nelle istituzioni, oggi mi dedico al mio blog e alla Tenuta Della Prea, dove produciamo olio extravergine d\u2019oliva e organizziamo scuole di cucina e attivit\u00e0 legate al territorio.","sameAs":["https:\/\/blog.giallozafferano.it\/renatabriano\/","https:\/\/facebook.com\/renatabrianoblog\/","https:\/\/www.instagram.com\/la_nostra_politica_in_cucina\/","https:\/\/www.pinterest.it\/Brinata64\/","https:\/\/x.com\/renatabriano","https:\/\/youtube.com\/channel\/UCEZOgwJApSSvVg2tCCmbumQ\/"]}]}},"_links":{"self":[{"href":"https:\/\/blog.giallozafferano.it\/renatabriano\/wp-json\/wp\/v2\/recipe\/40999","targetHints":{"allow":["GET"]}}],"collection":[{"href":"https:\/\/blog.giallozafferano.it\/renatabriano\/wp-json\/wp\/v2\/recipe"}],"about":[{"href":"https:\/\/blog.giallozafferano.it\/renatabriano\/wp-json\/wp\/v2\/types\/recipe"}],"author":[{"embeddable":true,"href":"https:\/\/blog.giallozafferano.it\/renatabriano\/wp-json\/wp\/v2\/users\/1"}],"replies":[{"embeddable":true,"href":"https:\/\/blog.giallozafferano.it\/renatabriano\/wp-json\/wp\/v2\/comments?post=40999"}],"version-history":[{"count":4,"href":"https:\/\/blog.giallozafferano.it\/renatabriano\/wp-json\/wp\/v2\/recipe\/40999\/revisions"}],"predecessor-version":[{"id":41007,"href":"https:\/\/blog.giallozafferano.it\/renatabriano\/wp-json\/wp\/v2\/recipe\/40999\/revisions\/41007"}],"wp:featuredmedia":[{"embeddable":true,"href":"https:\/\/blog.giallozafferano.it\/renatabriano\/wp-json\/wp\/v2\/media\/41004"}],"wp:attachment":[{"href":"https:\/\/blog.giallozafferano.it\/renatabriano\/wp-json\/wp\/v2\/media?parent=40999"}],"wp:term":[{"taxonomy":"category","embeddable":true,"href":"https:\/\/blog.giallozafferano.it\/renatabriano\/wp-json\/wp\/v2\/categories?post=40999"},{"taxonomy":"course","embeddable":true,"href":"https:\/\/blog.giallozafferano.it\/renatabriano\/wp-json\/wp\/v2\/course?post=40999"},{"taxonomy":"wellness","embeddable":true,"href":"https:\/\/blog.giallozafferano.it\/renatabriano\/wp-json\/wp\/v2\/wellness?post=40999"}],"curies":[{"name":"wp","href":"https:\/\/api.w.org\/{rel}","templated":true}]}}